{"id":6234,"date":"2025-07-21T21:31:56","date_gmt":"2025-07-21T19:31:56","guid":{"rendered":"https:\/\/www.friedenskirche.de\/?page_id=6234"},"modified":"2025-12-18T12:29:57","modified_gmt":"2025-12-18T11:29:57","slug":"neubau-friedenskirche-iii","status":"publish","type":"page","link":"https:\/\/www.friedenskirche.de\/index.php\/neubau-friedenskirche-iii\/","title":{"rendered":"Neubau Friedenskirche III"},"content":{"rendered":"<p><div class=\"fusion-fullwidth fullwidth-box fusion-builder-row-1 fusion-flex-container has-pattern-background has-mask-background nonhundred-percent-fullwidth non-hundred-percent-height-scrolling\" style=\"--awb-background-position:left top;--awb-border-radius-top-left:0px;--awb-border-radius-top-right:0px;--awb-border-radius-bottom-right:0px;--awb-border-radius-bottom-left:0px;--awb-padding-top:20px;--awb-padding-bottom:20px;--awb-flex-wrap:wrap;\" ><div class=\"fusion-builder-row fusion-row fusion-flex-align-items-stretch fusion-flex-justify-content-center fusion-flex-content-wrap\" style=\"max-width:1331.2px;margin-left: calc(-4% \/ 2 );margin-right: calc(-4% \/ 2 );\"><div class=\"fusion-layout-column fusion_builder_column fusion-builder-column-0 fusion_builder_column_1_2 1_2 fusion-flex-column\" style=\"--awb-bg-size:cover;--awb-width-large:50%;--awb-margin-top-large:0px;--awb-spacing-right-large:3.84%;--awb-margin-bottom-large:0px;--awb-spacing-left-large:3.84%;--awb-width-medium:100%;--awb-order-medium:0;--awb-spacing-right-medium:1.92%;--awb-spacing-left-medium:1.92%;--awb-width-small:100%;--awb-order-small:0;--awb-spacing-right-small:1.92%;--awb-spacing-left-small:1.92%;\"><div class=\"fusion-column-wrapper fusion-column-has-shadow fusion-flex-justify-content-center fusion-content-layout-column\"><div class=\"fusion-text fusion-text-1\" style=\"--awb-text-color:#000000;\"><h1 style=\"text-align: center;\">Neubau Friedenskirche III<\/h1>\n<p style=\"text-align: center;\">Nach dem Brand der Friedenskirche II \u00a0am 20.03.2022 sind wir seit einigen Monaten an der Planung unseres Neubaus und informieren hier \u00fcber die aktuellen Entwicklungen.<\/p>\n<p><span style=\"color: #000000;\"><strong>\u00a0<\/strong><\/span><\/p>\n<\/div><div class=\"fusion-separator fusion-full-width-sep\" style=\"align-self: center;margin-left: auto;margin-right: auto;width:100%;\"><\/div><\/div><\/div><\/div><\/div><div class=\"fusion-fullwidth fullwidth-box fusion-builder-row-2 fusion-flex-container has-pattern-background has-mask-background nonhundred-percent-fullwidth non-hundred-percent-height-scrolling\" style=\"--awb-border-sizes-right:0;--awb-border-radius-top-left:0px;--awb-border-radius-top-right:0px;--awb-border-radius-bottom-right:0px;--awb-border-radius-bottom-left:0px;--awb-flex-wrap:wrap;\" ><div class=\"fusion-builder-row fusion-row fusion-flex-align-items-flex-start fusion-flex-content-wrap\" style=\"max-width:1331.2px;margin-left: calc(-4% \/ 2 );margin-right: calc(-4% \/ 2 );\"><div class=\"fusion-layout-column fusion_builder_column fusion-builder-column-1 fusion_builder_column_3_4 3_4 fusion-flex-column\" style=\"--awb-bg-size:cover;--awb-width-large:75%;--awb-margin-top-large:0px;--awb-spacing-right-large:2.56%;--awb-margin-bottom-large:0px;--awb-spacing-left-large:2.56%;--awb-width-medium:100%;--awb-order-medium:0;--awb-spacing-right-medium:1.92%;--awb-spacing-left-medium:1.92%;--awb-width-small:100%;--awb-order-small:0;--awb-spacing-right-small:1.92%;--awb-spacing-left-small:1.92%;\" data-scroll-devices=\"small-visibility,medium-visibility,large-visibility\"><div class=\"fusion-column-wrapper fusion-column-has-shadow fusion-flex-justify-content-flex-start fusion-content-layout-column\"><div class=\"fusion-blog-shortcode fusion-blog-shortcode-1 fusion-blog-archive fusion-blog-layout-medium fusion-blog-pagination\"><div class=\"fusion-posts-container fusion-posts-container-pagination fusion-blog-rollover\" data-pages=\"4\"><article id=\"blog-1-post-6660\" class=\"fusion-post-medium post-6660 post type-post status-publish format-standard has-post-thumbnail hentry category-bau\">\n\t<style type=\"text\/css\">\n\t\t\n\t\t\n\t\t\n\t\t\n\t\t\t<\/style>\n\n\n\t\t\t<div class=\"fusion-flexslider flexslider fusion-flexslider-loading fusion-post-slideshow\" style=\"\">\n\t\t<ul class=\"slides\">\n\t\t\t\n\t\t\t\t\t\t\t\t\t\t\t\t\t\t<li><div  class=\"fusion-image-wrapper fusion-image-size-fixed\" aria-haspopup=\"true\">\n\t\t\t\t<img decoding=\"async\" width=\"320\" height=\"202\" src=\"https:\/\/www.friedenskirche.de\/wp-content\/uploads\/2026\/04\/IMG_9241-320x202.jpeg\" class=\"attachment-blog-medium size-blog-medium lazyload wp-post-image\" alt=\"\" srcset=\"data:image\/svg+xml,%3Csvg%20xmlns%3D%27http%3A%2F%2Fwww.w3.org%2F2000%2Fsvg%27%20width%3D%272560%27%20height%3D%271920%27%20viewBox%3D%270%200%202560%201920%27%3E%3Crect%20width%3D%272560%27%20height%3D%271920%27%20fill-opacity%3D%220%22%2F%3E%3C%2Fsvg%3E\" data-orig-src=\"https:\/\/www.friedenskirche.de\/wp-content\/uploads\/2026\/04\/IMG_9241-320x202.jpeg\" data-srcset=\"https:\/\/www.friedenskirche.de\/wp-content\/uploads\/2026\/04\/IMG_9241-320x202.jpeg 320w, https:\/\/www.friedenskirche.de\/wp-content\/uploads\/2026\/04\/IMG_9241-700x441.jpeg 700w\" data-sizes=\"auto\" \/><div class=\"fusion-rollover\">\n\t<div class=\"fusion-rollover-content\">\n\n\t\t\t\t\t\t\t\t\t\t\t\t\t\t<a class=\"fusion-rollover-link\" href=\"https:\/\/www.friedenskirche.de\/index.php\/2026\/04\/29\/stein-auf-stein-stein-auf-stein\/\">Stein auf Stein, Stein auf Stein&#8230;<\/a>\n\t\t\t\n\t\t\t\t\t\t\t\t\n\t\t\n\t\t\t\t\t\t\t\t\n\t\t\t\t\t\t\t\t\n\t\t\n\t\t\t\t\t\t<a class=\"fusion-link-wrapper\" href=\"https:\/\/www.friedenskirche.de\/index.php\/2026\/04\/29\/stein-auf-stein-stein-auf-stein\/\" aria-label=\"Stein auf Stein, Stein auf Stein&#8230;\"><\/a>\n\t<\/div>\n<\/div>\n<\/div>\n<\/li>\n\t\t\t\n\t\t\t\n\t\t\t\t\t\t\t\t\t\t\t\t\t\t\t\t\t\t\t\t\t\t\t\t\t\t\t\t\t\t\t\t\t\t\t\t\t\t\t\t\t\t\t\t\t\t\t\t\t\t\t\t\t\t\t\t\t\t\t\t\t\t\t\t\t\t\t\t\t\t\t\t\t\t\t\t\t\t\t\t\t\t\t<\/ul>\n\t<\/div>\n\t<div class=\"fusion-post-content post-content\"><h2 class=\"blog-shortcode-post-title entry-title\"><a href=\"https:\/\/www.friedenskirche.de\/index.php\/2026\/04\/29\/stein-auf-stein-stein-auf-stein\/\">Stein auf Stein, Stein auf Stein&#8230;<\/a><\/h2><div class=\"fusion-post-content-container\"><p>Wer will flei\u00dfige Handwerker sehen? Der muss unseren Kirchenneubau sehen! Die ersten Steine wurden Ende letzter Woche angeliefert ... Details zum Ziegel (42,5 cm St\u00e4rke) unter: https:\/\/hoerl-hartmann.de\/wp-content\/uploads\/2021\/12\/CORISO-System_HoerlHarmann_20211222.pdf \u00a0 ... und seither wird flei\u00dfig gemauert. Gestern Abend standen bereits<\/p><\/div><\/div><div class=\"fusion-clearfix\"><\/div><div class=\"fusion-meta-info\"><div class=\"fusion-alignleft\"><span class=\"vcard\" style=\"display: none;\"><span class=\"fn\"><a href=\"https:\/\/www.friedenskirche.de\/index.php\/author\/sstroscher\/\" title=\"Beitr\u00e4ge von Stefanie Stroscher\" rel=\"author\">Stefanie Stroscher<\/a><\/span><\/span><span class=\"updated\" style=\"display:none;\">2026-04-29T22:00:27+02:00<\/span><span>29. April 2026<\/span><span class=\"fusion-inline-sep\">|<\/span><\/div><div class=\"fusion-alignright\"><a class=\"fusion-read-more\" href=\"https:\/\/www.friedenskirche.de\/index.php\/2026\/04\/29\/stein-auf-stein-stein-auf-stein\/\" aria-label=\"More on Stein auf Stein, Stein auf Stein&#8230;\">Weiterlesen<\/a><\/div><\/div><\/article>\n<article id=\"blog-1-post-6641\" class=\"fusion-post-medium post-6641 post type-post status-publish format-standard has-post-thumbnail hentry category-bau\">\n\t<style type=\"text\/css\">\n\t\t\n\t\t\n\t\t\n\t\t\n\t\t\t<\/style>\n\n\n\t\t\t<div class=\"fusion-flexslider flexslider fusion-flexslider-loading fusion-post-slideshow\" style=\"\">\n\t\t<ul class=\"slides\">\n\t\t\t\n\t\t\t\t\t\t\t\t\t\t\t\t\t\t<li><div  class=\"fusion-image-wrapper fusion-image-size-fixed\" aria-haspopup=\"true\">\n\t\t\t\t<img decoding=\"async\" width=\"320\" height=\"202\" src=\"https:\/\/www.friedenskirche.de\/wp-content\/uploads\/2026\/04\/bc3ed982-83c4-43fe-9bf8-6acfc37e0040-320x202.jpg\" class=\"attachment-blog-medium size-blog-medium lazyload wp-post-image\" alt=\"\" srcset=\"data:image\/svg+xml,%3Csvg%20xmlns%3D%27http%3A%2F%2Fwww.w3.org%2F2000%2Fsvg%27%20width%3D%271600%27%20height%3D%271200%27%20viewBox%3D%270%200%201600%201200%27%3E%3Crect%20width%3D%271600%27%20height%3D%271200%27%20fill-opacity%3D%220%22%2F%3E%3C%2Fsvg%3E\" data-orig-src=\"https:\/\/www.friedenskirche.de\/wp-content\/uploads\/2026\/04\/bc3ed982-83c4-43fe-9bf8-6acfc37e0040-320x202.jpg\" data-srcset=\"https:\/\/www.friedenskirche.de\/wp-content\/uploads\/2026\/04\/bc3ed982-83c4-43fe-9bf8-6acfc37e0040-320x202.jpg 320w, https:\/\/www.friedenskirche.de\/wp-content\/uploads\/2026\/04\/bc3ed982-83c4-43fe-9bf8-6acfc37e0040-700x441.jpg 700w\" data-sizes=\"auto\" \/><div class=\"fusion-rollover\">\n\t<div class=\"fusion-rollover-content\">\n\n\t\t\t\t\t\t\t\t\t\t\t\t\t\t<a class=\"fusion-rollover-link\" href=\"https:\/\/www.friedenskirche.de\/index.php\/2026\/04\/23\/bodenplatte-des-gottesdienstraums-wird-betoniert\/\">Bodenplatte des Gottesdienstraums wird betoniert<\/a>\n\t\t\t\n\t\t\t\t\t\t\t\t\n\t\t\n\t\t\t\t\t\t\t\t\n\t\t\t\t\t\t\t\t\n\t\t\n\t\t\t\t\t\t<a class=\"fusion-link-wrapper\" href=\"https:\/\/www.friedenskirche.de\/index.php\/2026\/04\/23\/bodenplatte-des-gottesdienstraums-wird-betoniert\/\" aria-label=\"Bodenplatte des Gottesdienstraums wird betoniert\"><\/a>\n\t<\/div>\n<\/div>\n<\/div>\n<\/li>\n\t\t\t\n\t\t\t\n\t\t\t\t\t\t\t\t\t\t\t\t\t\t\t\t\t\t\t\t\t\t\t\t\t\t\t\t\t\t\t\t\t\t\t\t\t\t\t\t\t\t\t\t\t\t\t\t\t\t\t\t\t\t\t\t\t\t\t\t\t\t\t\t\t\t\t\t\t\t\t\t\t\t\t\t\t\t\t\t\t\t\t<\/ul>\n\t<\/div>\n\t<div class=\"fusion-post-content post-content\"><h2 class=\"blog-shortcode-post-title entry-title\"><a href=\"https:\/\/www.friedenskirche.de\/index.php\/2026\/04\/23\/bodenplatte-des-gottesdienstraums-wird-betoniert\/\">Bodenplatte des Gottesdienstraums wird betoniert<\/a><\/h2><div class=\"fusion-post-content-container\"><p>Bereits Mitte M\u00e4rz wurden die ersten Streifenfundamente gegossen, Schalungen angebracht, zahlreiche Tonnen Baustahl eingearbeitet. Im vorderen Bereich ist das Taufbecken zu sehen, welches tiefer als die Bodenplatte ist und daher schon vorher eingearbeitet wird. Die D\u00e4mmung wird ausgelegt...<\/p><\/div><\/div><div class=\"fusion-clearfix\"><\/div><div class=\"fusion-meta-info\"><div class=\"fusion-alignleft\"><span class=\"vcard\" style=\"display: none;\"><span class=\"fn\"><a href=\"https:\/\/www.friedenskirche.de\/index.php\/author\/sstroscher\/\" title=\"Beitr\u00e4ge von Stefanie Stroscher\" rel=\"author\">Stefanie Stroscher<\/a><\/span><\/span><span class=\"updated\" style=\"display:none;\">2026-04-27T10:37:47+02:00<\/span><span>23. April 2026<\/span><span class=\"fusion-inline-sep\">|<\/span><\/div><div class=\"fusion-alignright\"><a class=\"fusion-read-more\" href=\"https:\/\/www.friedenskirche.de\/index.php\/2026\/04\/23\/bodenplatte-des-gottesdienstraums-wird-betoniert\/\" aria-label=\"More on Bodenplatte des Gottesdienstraums wird betoniert\">Weiterlesen<\/a><\/div><\/div><\/article>\n<article id=\"blog-1-post-6653\" class=\"fusion-post-medium post-6653 post type-post status-publish format-standard has-post-thumbnail hentry category-bau\">\n\t<style type=\"text\/css\">\n\t\t\n\t\t\n\t\t\n\t\t\n\t\t\t<\/style>\n\n\n\t\t\t<div class=\"fusion-flexslider flexslider fusion-flexslider-loading fusion-post-slideshow\" style=\"\">\n\t\t<ul class=\"slides\">\n\t\t\t\n\t\t\t\t\t\t\t\t\t\t\t\t\t\t<li><div  class=\"fusion-image-wrapper fusion-image-size-fixed\" aria-haspopup=\"true\">\n\t\t\t\t<img decoding=\"async\" width=\"320\" height=\"202\" src=\"https:\/\/www.friedenskirche.de\/wp-content\/uploads\/2026\/04\/Bild-23.04.26-um-09.45-320x202.png\" class=\"attachment-blog-medium size-blog-medium lazyload wp-post-image\" alt=\"\" srcset=\"data:image\/svg+xml,%3Csvg%20xmlns%3D%27http%3A%2F%2Fwww.w3.org%2F2000%2Fsvg%27%20width%3D%272560%27%20height%3D%271290%27%20viewBox%3D%270%200%202560%201290%27%3E%3Crect%20width%3D%272560%27%20height%3D%271290%27%20fill-opacity%3D%220%22%2F%3E%3C%2Fsvg%3E\" data-orig-src=\"https:\/\/www.friedenskirche.de\/wp-content\/uploads\/2026\/04\/Bild-23.04.26-um-09.45-320x202.png\" data-srcset=\"https:\/\/www.friedenskirche.de\/wp-content\/uploads\/2026\/04\/Bild-23.04.26-um-09.45-320x202.png 320w, https:\/\/www.friedenskirche.de\/wp-content\/uploads\/2026\/04\/Bild-23.04.26-um-09.45-700x441.png 700w\" data-sizes=\"auto\" \/><div class=\"fusion-rollover\">\n\t<div class=\"fusion-rollover-content\">\n\n\t\t\t\t\t\t\t\t\t\t\t\t\t\t<a class=\"fusion-rollover-link\" href=\"https:\/\/www.friedenskirche.de\/index.php\/2026\/04\/21\/2-bauteilfreigabe-erhalten\/\">2. Bauteilfreigabe erhalten<\/a>\n\t\t\t\n\t\t\t\t\t\t\t\t\n\t\t\n\t\t\t\t\t\t\t\t\n\t\t\t\t\t\t\t\t\n\t\t\n\t\t\t\t\t\t<a class=\"fusion-link-wrapper\" href=\"https:\/\/www.friedenskirche.de\/index.php\/2026\/04\/21\/2-bauteilfreigabe-erhalten\/\" aria-label=\"2. Bauteilfreigabe erhalten\"><\/a>\n\t<\/div>\n<\/div>\n<\/div>\n<\/li>\n\t\t\t\n\t\t\t\n\t\t\t\t\t\t\t\t\t\t\t\t\t\t\t\t\t\t\t\t\t\t\t\t\t\t\t\t\t\t\t\t\t\t\t\t\t\t\t\t\t\t\t\t\t\t\t\t\t\t\t\t\t\t\t\t\t\t\t\t\t\t\t\t\t\t\t\t\t\t\t\t\t\t\t\t\t\t\t\t\t\t\t<\/ul>\n\t<\/div>\n\t<div class=\"fusion-post-content post-content\"><h2 class=\"blog-shortcode-post-title entry-title\"><a href=\"https:\/\/www.friedenskirche.de\/index.php\/2026\/04\/21\/2-bauteilfreigabe-erhalten\/\">2. Bauteilfreigabe erhalten<\/a><\/h2><div class=\"fusion-post-content-container\"><p>Am 21.04.2926 haben wir den zweiten Teilfreigabeschein erhalten. Damit ist unser gesamtes Bauvorhaben nach weiteren Pr\u00fcfungen und Berechnungen nun durch die Stadt Singen offiziell und vollst\u00e4ndig freigeben! \u00a0<\/p><\/div><\/div><div class=\"fusion-clearfix\"><\/div><div class=\"fusion-meta-info\"><div class=\"fusion-alignleft\"><span class=\"vcard\" style=\"display: none;\"><span class=\"fn\"><a href=\"https:\/\/www.friedenskirche.de\/index.php\/author\/sstroscher\/\" title=\"Beitr\u00e4ge von Stefanie Stroscher\" rel=\"author\">Stefanie Stroscher<\/a><\/span><\/span><span class=\"updated\" style=\"display:none;\">2026-04-23T09:52:36+02:00<\/span><span>21. April 2026<\/span><span class=\"fusion-inline-sep\">|<\/span><\/div><div class=\"fusion-alignright\"><a class=\"fusion-read-more\" href=\"https:\/\/www.friedenskirche.de\/index.php\/2026\/04\/21\/2-bauteilfreigabe-erhalten\/\" aria-label=\"More on 2. Bauteilfreigabe erhalten\">Weiterlesen<\/a><\/div><\/div><\/article>\n<article id=\"blog-1-post-6630\" class=\"fusion-post-medium post-6630 post type-post status-publish format-standard has-post-thumbnail hentry category-bau\">\n\t<style type=\"text\/css\">\n\t\t\n\t\t\n\t\t\n\t\t\n\t\t\t<\/style>\n\n\n\t\t\t<div class=\"fusion-flexslider flexslider fusion-flexslider-loading fusion-post-slideshow\" style=\"\">\n\t\t<ul class=\"slides\">\n\t\t\t\n\t\t\t\t\t\t\t\t\t\t\t\t\t\t<li><div  class=\"fusion-image-wrapper fusion-image-size-fixed\" aria-haspopup=\"true\">\n\t\t\t\t<img decoding=\"async\" width=\"320\" height=\"202\" src=\"https:\/\/www.friedenskirche.de\/wp-content\/uploads\/2026\/04\/IMG_8785-320x202.jpeg\" class=\"attachment-blog-medium size-blog-medium lazyload wp-post-image\" alt=\"\" srcset=\"data:image\/svg+xml,%3Csvg%20xmlns%3D%27http%3A%2F%2Fwww.w3.org%2F2000%2Fsvg%27%20width%3D%272560%27%20height%3D%271920%27%20viewBox%3D%270%200%202560%201920%27%3E%3Crect%20width%3D%272560%27%20height%3D%271920%27%20fill-opacity%3D%220%22%2F%3E%3C%2Fsvg%3E\" data-orig-src=\"https:\/\/www.friedenskirche.de\/wp-content\/uploads\/2026\/04\/IMG_8785-320x202.jpeg\" data-srcset=\"https:\/\/www.friedenskirche.de\/wp-content\/uploads\/2026\/04\/IMG_8785-320x202.jpeg 320w, https:\/\/www.friedenskirche.de\/wp-content\/uploads\/2026\/04\/IMG_8785-700x441.jpeg 700w\" data-sizes=\"auto\" \/><div class=\"fusion-rollover\">\n\t<div class=\"fusion-rollover-content\">\n\n\t\t\t\t\t\t\t\t\t\t\t\t\t\t<a class=\"fusion-rollover-link\" href=\"https:\/\/www.friedenskirche.de\/index.php\/2026\/04\/08\/die-ersten-waende-zur-kueche-und-sanitaeranlagen-werden-betoniert\/\">Die ersten W\u00e4nde zur K\u00fcche und Sanit\u00e4ranlagen werden betoniert<\/a>\n\t\t\t\n\t\t\t\t\t\t\t\t\n\t\t\n\t\t\t\t\t\t\t\t\n\t\t\t\t\t\t\t\t\n\t\t\n\t\t\t\t\t\t<a class=\"fusion-link-wrapper\" href=\"https:\/\/www.friedenskirche.de\/index.php\/2026\/04\/08\/die-ersten-waende-zur-kueche-und-sanitaeranlagen-werden-betoniert\/\" aria-label=\"Die ersten W\u00e4nde zur K\u00fcche und Sanit\u00e4ranlagen werden betoniert\"><\/a>\n\t<\/div>\n<\/div>\n<\/div>\n<\/li>\n\t\t\t\n\t\t\t\n\t\t\t\t\t\t\t\t\t\t\t\t\t\t\t\t\t\t\t\t\t\t\t\t\t\t\t\t\t\t\t\t\t\t\t\t\t\t\t\t\t\t\t\t\t\t\t\t\t\t\t\t\t\t\t\t\t\t\t\t\t\t\t\t\t\t\t\t\t\t\t\t\t\t\t\t\t\t\t\t\t\t\t<\/ul>\n\t<\/div>\n\t<div class=\"fusion-post-content post-content\"><h2 class=\"blog-shortcode-post-title entry-title\"><a href=\"https:\/\/www.friedenskirche.de\/index.php\/2026\/04\/08\/die-ersten-waende-zur-kueche-und-sanitaeranlagen-werden-betoniert\/\">Die ersten W\u00e4nde zur K\u00fcche und Sanit\u00e4ranlagen werden betoniert<\/a><\/h2><div class=\"fusion-post-content-container\"><p>Nachdem die Bodenplatte getrocknet ist, werden die ersten Massivbetonw\u00e4nde vorbereitet ... ... und Schalungen angebracht. Hier sieht man in die zuk\u00fcnftige K\u00fcche hinein. Angrenzend an die K\u00fcche werden Richtung Doppelhaushh\u00e4lfte (rechts) Vorratsraum, Reinigungsraum, Flur und dann die Sanit\u00e4reinrichtungen<\/p><\/div><\/div><div class=\"fusion-clearfix\"><\/div><div class=\"fusion-meta-info\"><div class=\"fusion-alignleft\"><span class=\"vcard\" style=\"display: none;\"><span class=\"fn\"><a href=\"https:\/\/www.friedenskirche.de\/index.php\/author\/sstroscher\/\" title=\"Beitr\u00e4ge von Stefanie Stroscher\" rel=\"author\">Stefanie Stroscher<\/a><\/span><\/span><span class=\"updated\" style=\"display:none;\">2026-04-23T09:17:26+02:00<\/span><span>8. April 2026<\/span><span class=\"fusion-inline-sep\">|<\/span><\/div><div class=\"fusion-alignright\"><a class=\"fusion-read-more\" href=\"https:\/\/www.friedenskirche.de\/index.php\/2026\/04\/08\/die-ersten-waende-zur-kueche-und-sanitaeranlagen-werden-betoniert\/\" aria-label=\"More on Die ersten W\u00e4nde zur K\u00fcche und Sanit\u00e4ranlagen werden betoniert\">Weiterlesen<\/a><\/div><\/div><\/article>\n<article id=\"blog-1-post-6612\" class=\"fusion-post-medium post-6612 post type-post status-publish format-standard has-post-thumbnail hentry category-bau\">\n\t<style type=\"text\/css\">\n\t\t\n\t\t\n\t\t\n\t\t\n\t\t\t<\/style>\n\n\n\t\t\t<div class=\"fusion-flexslider flexslider fusion-flexslider-loading fusion-post-slideshow\" style=\"\">\n\t\t<ul class=\"slides\">\n\t\t\t\n\t\t\t\t\t\t\t\t\t\t\t\t\t\t<li><div  class=\"fusion-image-wrapper fusion-image-size-fixed\" aria-haspopup=\"true\">\n\t\t\t\t<img decoding=\"async\" width=\"320\" height=\"202\" src=\"https:\/\/www.friedenskirche.de\/wp-content\/uploads\/2026\/03\/IMG_7818-320x202.jpeg\" class=\"attachment-blog-medium size-blog-medium lazyload wp-post-image\" alt=\"\" srcset=\"data:image\/svg+xml,%3Csvg%20xmlns%3D%27http%3A%2F%2Fwww.w3.org%2F2000%2Fsvg%27%20width%3D%272560%27%20height%3D%271920%27%20viewBox%3D%270%200%202560%201920%27%3E%3Crect%20width%3D%272560%27%20height%3D%271920%27%20fill-opacity%3D%220%22%2F%3E%3C%2Fsvg%3E\" data-orig-src=\"https:\/\/www.friedenskirche.de\/wp-content\/uploads\/2026\/03\/IMG_7818-320x202.jpeg\" data-srcset=\"https:\/\/www.friedenskirche.de\/wp-content\/uploads\/2026\/03\/IMG_7818-320x202.jpeg 320w, https:\/\/www.friedenskirche.de\/wp-content\/uploads\/2026\/03\/IMG_7818-700x441.jpeg 700w\" data-sizes=\"auto\" \/><div class=\"fusion-rollover\">\n\t<div class=\"fusion-rollover-content\">\n\n\t\t\t\t\t\t\t\t\t\t\t\t\t\t<a class=\"fusion-rollover-link\" href=\"https:\/\/www.friedenskirche.de\/index.php\/2026\/03\/31\/erster-bereich-der-bodenplatte-wird-vorbereitet-und-betoniert\/\">Erster Bereich der Bodenplatte wird vorbereitet und betoniert<\/a>\n\t\t\t\n\t\t\t\t\t\t\t\t\n\t\t\n\t\t\t\t\t\t\t\t\n\t\t\t\t\t\t\t\t\n\t\t\n\t\t\t\t\t\t<a class=\"fusion-link-wrapper\" href=\"https:\/\/www.friedenskirche.de\/index.php\/2026\/03\/31\/erster-bereich-der-bodenplatte-wird-vorbereitet-und-betoniert\/\" aria-label=\"Erster Bereich der Bodenplatte wird vorbereitet und betoniert\"><\/a>\n\t<\/div>\n<\/div>\n<\/div>\n<\/li>\n\t\t\t\n\t\t\t\n\t\t\t\t\t\t\t\t\t\t\t\t\t\t\t\t\t\t\t\t\t\t\t\t\t\t\t\t\t\t\t\t\t\t\t\t\t\t\t\t\t\t\t\t\t\t\t\t\t\t\t\t\t\t\t\t\t\t\t\t\t\t\t\t\t\t\t\t\t\t\t\t\t\t\t\t\t\t\t\t\t\t\t<\/ul>\n\t<\/div>\n\t<div class=\"fusion-post-content post-content\"><h2 class=\"blog-shortcode-post-title entry-title\"><a href=\"https:\/\/www.friedenskirche.de\/index.php\/2026\/03\/31\/erster-bereich-der-bodenplatte-wird-vorbereitet-und-betoniert\/\">Erster Bereich der Bodenplatte wird vorbereitet und betoniert<\/a><\/h2><div class=\"fusion-post-content-container\"><p>Nach der ersten Isolierung werden wieder zahlreiche Tonnen von Baustahl-Ger\u00fcst eingebaut... Am Montag, 30.03.2026 wird der bisherige Kran mit einem gr\u00f6\u00dferen Modell ausgetauscht ... Am Donnerstag soll die Bodenplatte des im Bild zu sehenden linken Geb\u00e4udeteils betoniert werden.<\/p><\/div><\/div><div class=\"fusion-clearfix\"><\/div><div class=\"fusion-meta-info\"><div class=\"fusion-alignleft\"><span class=\"vcard\" style=\"display: none;\"><span class=\"fn\"><a href=\"https:\/\/www.friedenskirche.de\/index.php\/author\/sstroscher\/\" title=\"Beitr\u00e4ge von Stefanie Stroscher\" rel=\"author\">Stefanie Stroscher<\/a><\/span><\/span><span class=\"updated\" style=\"display:none;\">2026-04-23T08:57:46+02:00<\/span><span>31. M\u00e4rz 2026<\/span><span class=\"fusion-inline-sep\">|<\/span><\/div><div class=\"fusion-alignright\"><a class=\"fusion-read-more\" href=\"https:\/\/www.friedenskirche.de\/index.php\/2026\/03\/31\/erster-bereich-der-bodenplatte-wird-vorbereitet-und-betoniert\/\" aria-label=\"More on Erster Bereich der Bodenplatte wird vorbereitet und betoniert\">Weiterlesen<\/a><\/div><\/div><\/article>\n<article id=\"blog-1-post-6610\" class=\"fusion-post-medium post-6610 post type-post status-publish format-standard has-post-thumbnail hentry category-bau\">\n\t<style type=\"text\/css\">\n\t\t\n\t\t\n\t\t\n\t\t\n\t\t\t<\/style>\n\n\n\t\t\t<div class=\"fusion-flexslider flexslider fusion-flexslider-loading fusion-post-slideshow\" style=\"\">\n\t\t<ul class=\"slides\">\n\t\t\t\n\t\t\t\t\t\t\t\t\t\t\t\t\t\t<li><div  class=\"fusion-image-wrapper fusion-image-size-fixed\" aria-haspopup=\"true\">\n\t\t\t\t<img decoding=\"async\" width=\"320\" height=\"202\" src=\"https:\/\/www.friedenskirche.de\/wp-content\/uploads\/2026\/03\/IMG_7591-320x202.jpg\" class=\"attachment-blog-medium size-blog-medium lazyload wp-post-image\" alt=\"\" srcset=\"data:image\/svg+xml,%3Csvg%20xmlns%3D%27http%3A%2F%2Fwww.w3.org%2F2000%2Fsvg%27%20width%3D%272560%27%20height%3D%271424%27%20viewBox%3D%270%200%202560%201424%27%3E%3Crect%20width%3D%272560%27%20height%3D%271424%27%20fill-opacity%3D%220%22%2F%3E%3C%2Fsvg%3E\" data-orig-src=\"https:\/\/www.friedenskirche.de\/wp-content\/uploads\/2026\/03\/IMG_7591-320x202.jpg\" data-srcset=\"https:\/\/www.friedenskirche.de\/wp-content\/uploads\/2026\/03\/IMG_7591-320x202.jpg 320w, https:\/\/www.friedenskirche.de\/wp-content\/uploads\/2026\/03\/IMG_7591-700x441.jpg 700w\" data-sizes=\"auto\" \/><div class=\"fusion-rollover\">\n\t<div class=\"fusion-rollover-content\">\n\n\t\t\t\t\t\t\t\t\t\t\t\t\t\t<a class=\"fusion-rollover-link\" href=\"https:\/\/www.friedenskirche.de\/index.php\/2026\/03\/19\/bodenaushub-fuer-fundamente\/\">Bodenaushub f\u00fcr Fundamente<\/a>\n\t\t\t\n\t\t\t\t\t\t\t\t\n\t\t\n\t\t\t\t\t\t\t\t\n\t\t\t\t\t\t\t\t\n\t\t\n\t\t\t\t\t\t<a class=\"fusion-link-wrapper\" href=\"https:\/\/www.friedenskirche.de\/index.php\/2026\/03\/19\/bodenaushub-fuer-fundamente\/\" aria-label=\"Bodenaushub f\u00fcr Fundamente\"><\/a>\n\t<\/div>\n<\/div>\n<\/div>\n<\/li>\n\t\t\t\n\t\t\t\n\t\t\t\t\t\t\t\t\t\t\t\t\t\t\t\t\t\t\t\t\t\t\t\t\t\t\t\t\t\t\t\t\t\t\t\t\t\t\t\t\t\t\t\t\t\t\t\t\t\t\t\t\t\t\t\t\t\t\t\t\t\t\t\t\t\t\t\t\t\t\t\t\t\t\t\t\t\t\t\t\t\t\t<\/ul>\n\t<\/div>\n\t<div class=\"fusion-post-content post-content\"><h2 class=\"blog-shortcode-post-title entry-title\"><a href=\"https:\/\/www.friedenskirche.de\/index.php\/2026\/03\/19\/bodenaushub-fuer-fundamente\/\">Bodenaushub f\u00fcr Fundamente<\/a><\/h2><div class=\"fusion-post-content-container\"><p>Am 19.03.2026 wurde bereits der zweite Geb\u00e4udeteil \/ Gottesdienstraum ausgehoben und die ersten Fundamente betoniert. Abwasserrohre f\u00fcr die K\u00fcche und Sanit\u00e4rbereiche wurden eingelegt ... Zahlreiche Stahlger\u00fcste und Stangen verlegt und die Fundamente und Bodenplatte isoliert ... Auf dem<\/p><\/div><\/div><div class=\"fusion-clearfix\"><\/div><div class=\"fusion-meta-info\"><div class=\"fusion-alignleft\"><span class=\"vcard\" style=\"display: none;\"><span class=\"fn\"><a href=\"https:\/\/www.friedenskirche.de\/index.php\/author\/sstroscher\/\" title=\"Beitr\u00e4ge von Stefanie Stroscher\" rel=\"author\">Stefanie Stroscher<\/a><\/span><\/span><span class=\"updated\" style=\"display:none;\">2026-03-31T16:39:34+02:00<\/span><span>19. M\u00e4rz 2026<\/span><span class=\"fusion-inline-sep\">|<\/span><\/div><div class=\"fusion-alignright\"><a class=\"fusion-read-more\" href=\"https:\/\/www.friedenskirche.de\/index.php\/2026\/03\/19\/bodenaushub-fuer-fundamente\/\" aria-label=\"More on Bodenaushub f\u00fcr Fundamente\">Weiterlesen<\/a><\/div><\/div><\/article>\n<\/div><div class=\"pagination clearfix\"><span class=\"current\">1<\/span><a href=\"https:\/\/www.friedenskirche.de\/index.php\/wp-json\/wp\/v2\/pages\/6234\/page\/2\/\" class=\"inactive\">2<\/a><a class=\"pagination-next\" rel=\"next\" href=\"https:\/\/www.friedenskirche.de\/index.php\/wp-json\/wp\/v2\/pages\/6234\/page\/2\/\"><span class=\"page-text\">Vor<\/span><span class=\"page-next\"><\/span><\/a><\/div><div class=\"fusion-clearfix\"><\/div><\/div><\/div><\/div><div class=\"fusion-layout-column fusion_builder_column fusion-builder-column-2 fusion_builder_column_1_4 1_4 fusion-flex-column\" style=\"--awb-bg-size:cover;--awb-width-large:25%;--awb-margin-top-large:0px;--awb-spacing-right-large:7.68%;--awb-margin-bottom-large:0px;--awb-spacing-left-large:7.68%;--awb-width-medium:100%;--awb-order-medium:0;--awb-spacing-right-medium:1.92%;--awb-spacing-left-medium:1.92%;--awb-width-small:100%;--awb-order-small:0;--awb-spacing-right-small:1.92%;--awb-spacing-left-small:1.92%;\" data-scroll-devices=\"small-visibility,medium-visibility,large-visibility\"><div class=\"fusion-column-wrapper fusion-column-has-shadow fusion-flex-justify-content-flex-start fusion-content-layout-column\"><div class=\"fusion-image-element \" style=\"--awb-caption-title-font-family:var(--h2_typography-font-family);--awb-caption-title-font-weight:var(--h2_typography-font-weight);--awb-caption-title-font-style:var(--h2_typography-font-style);--awb-caption-title-size:var(--h2_typography-font-size);--awb-caption-title-transform:var(--h2_typography-text-transform);--awb-caption-title-line-height:var(--h2_typography-line-height);--awb-caption-title-letter-spacing:var(--h2_typography-letter-spacing);\"><span class=\" fusion-imageframe imageframe-none imageframe-1 hover-type-none\"><img decoding=\"async\" width=\"300\" height=\"247\" title=\"Innenhof\" src=\"https:\/\/www.friedenskirche.de\/wp-content\/uploads\/2025\/07\/Innenhof.jpeg\" data-orig-src=\"https:\/\/www.friedenskirche.de\/wp-content\/uploads\/2025\/07\/Innenhof-300x247.jpeg\" alt class=\"lazyload img-responsive wp-image-6355\" srcset=\"data:image\/svg+xml,%3Csvg%20xmlns%3D%27http%3A%2F%2Fwww.w3.org%2F2000%2Fsvg%27%20width%3D%27584%27%20height%3D%27480%27%20viewBox%3D%270%200%20584%20480%27%3E%3Crect%20width%3D%27584%27%20height%3D%27480%27%20fill-opacity%3D%220%22%2F%3E%3C%2Fsvg%3E\" data-srcset=\"https:\/\/www.friedenskirche.de\/wp-content\/uploads\/2025\/07\/Innenhof-200x164.jpeg 200w, https:\/\/www.friedenskirche.de\/wp-content\/uploads\/2025\/07\/Innenhof-400x329.jpeg 400w, https:\/\/www.friedenskirche.de\/wp-content\/uploads\/2025\/07\/Innenhof.jpeg 584w\" data-sizes=\"auto\" data-orig-sizes=\"(max-width: 1024px) 100vw, (max-width: 640px) 100vw, 400px\" \/><\/span><\/div><div class=\"fusion-text fusion-text-2\"><p>&nbsp;<\/p>\n<\/div><div class=\"fusion-text fusion-text-3\"><p>Wir finanzieren uns zu 100% aus Spenden und sind damit auch bei unserem Neubau auf Spenden angewiesen.<\/p>\n<p><strong>Danke f\u00fcr eine Spende mit dem Verwendungszweck \u201cSpende Neubau\u201d.<br \/>\n<\/strong>Evangelisch-Freikirchliche Gemeinde Singen<br \/>\nSparkasse Hegau-Bodensee<br \/>\nDE71 6925 0035 0003 0359 12<br \/>\nSOLADES1SNG<\/p>\n<p>Spendenaufruf-Video<\/p>\n<p><a href=\"https:\/\/youtu.be\/XbgeTTpYHL4\">https:\/\/youtu.be\/XbgeTTpYHL4<\/a><\/p>\n<\/div><div class=\"fusion-image-element \" style=\"--awb-caption-title-font-family:var(--h2_typography-font-family);--awb-caption-title-font-weight:var(--h2_typography-font-weight);--awb-caption-title-font-style:var(--h2_typography-font-style);--awb-caption-title-size:var(--h2_typography-font-size);--awb-caption-title-transform:var(--h2_typography-text-transform);--awb-caption-title-line-height:var(--h2_typography-line-height);--awb-caption-title-letter-spacing:var(--h2_typography-letter-spacing);\"><span class=\" fusion-imageframe imageframe-none imageframe-2 hover-type-none\"><img decoding=\"async\" width=\"300\" height=\"200\" title=\"ChatGPT Image 26. Juli 2025, 18_15_37\" src=\"https:\/\/www.friedenskirche.de\/wp-content\/uploads\/2025\/07\/ChatGPT-Image-26.-Juli-2025-18_15_37.png\" data-orig-src=\"https:\/\/www.friedenskirche.de\/wp-content\/uploads\/2025\/07\/ChatGPT-Image-26.-Juli-2025-18_15_37-300x200.png\" alt class=\"lazyload img-responsive wp-image-6343\" srcset=\"data:image\/svg+xml,%3Csvg%20xmlns%3D%27http%3A%2F%2Fwww.w3.org%2F2000%2Fsvg%27%20width%3D%271536%27%20height%3D%271024%27%20viewBox%3D%270%200%201536%201024%27%3E%3Crect%20width%3D%271536%27%20height%3D%271024%27%20fill-opacity%3D%220%22%2F%3E%3C%2Fsvg%3E\" data-srcset=\"https:\/\/www.friedenskirche.de\/wp-content\/uploads\/2025\/07\/ChatGPT-Image-26.-Juli-2025-18_15_37-200x133.png 200w, https:\/\/www.friedenskirche.de\/wp-content\/uploads\/2025\/07\/ChatGPT-Image-26.-Juli-2025-18_15_37-400x267.png 400w, https:\/\/www.friedenskirche.de\/wp-content\/uploads\/2025\/07\/ChatGPT-Image-26.-Juli-2025-18_15_37-600x400.png 600w, https:\/\/www.friedenskirche.de\/wp-content\/uploads\/2025\/07\/ChatGPT-Image-26.-Juli-2025-18_15_37-800x533.png 800w, https:\/\/www.friedenskirche.de\/wp-content\/uploads\/2025\/07\/ChatGPT-Image-26.-Juli-2025-18_15_37-1200x800.png 1200w, https:\/\/www.friedenskirche.de\/wp-content\/uploads\/2025\/07\/ChatGPT-Image-26.-Juli-2025-18_15_37.png 1536w\" data-sizes=\"auto\" data-orig-sizes=\"(max-width: 1024px) 100vw, (max-width: 640px) 100vw, 400px\" \/><\/span><\/div><div class=\"fusion-text fusion-text-4\"><p>&nbsp;<\/p>\n<\/div><div class=\"fusion-text fusion-text-5\"><p><strong>Gebetsanliegen:\u00a0<\/strong><\/p>\n<ul>\n<li>Baufreigabe<\/li>\n<li>Baubeginn 2026<\/li>\n<li>Ausschreibungsphase<\/li>\n<li>Auswahl Handwerker<\/li>\n<li>Finanzen<\/li>\n<li>Gesundheit aller Beteiligten<\/li>\n<\/ul>\n<\/div><\/div><\/div><\/div><\/div><div class=\"fusion-fullwidth fullwidth-box fusion-builder-row-3 fusion-flex-container has-pattern-background has-mask-background nonhundred-percent-fullwidth non-hundred-percent-height-scrolling\" style=\"--awb-border-radius-top-left:0px;--awb-border-radius-top-right:0px;--awb-border-radius-bottom-right:0px;--awb-border-radius-bottom-left:0px;--awb-flex-wrap:wrap;\" ><div class=\"fusion-builder-row fusion-row fusion-flex-align-items-flex-start fusion-flex-content-wrap\" style=\"max-width:1331.2px;margin-left: calc(-4% \/ 2 );margin-right: calc(-4% \/ 2 );\"><div class=\"fusion-layout-column fusion_builder_column fusion-builder-column-3 fusion_builder_column_1_1 1_1 fusion-flex-column\" style=\"--awb-bg-size:cover;--awb-width-large:100%;--awb-margin-top-large:0px;--awb-spacing-right-large:1.92%;--awb-margin-bottom-large:0px;--awb-spacing-left-large:1.92%;--awb-width-medium:100%;--awb-order-medium:0;--awb-spacing-right-medium:1.92%;--awb-spacing-left-medium:1.92%;--awb-width-small:100%;--awb-order-small:0;--awb-spacing-right-small:1.92%;--awb-spacing-left-small:1.92%;\"><div class=\"fusion-column-wrapper fusion-column-has-shadow fusion-flex-justify-content-flex-start fusion-content-layout-column\"><\/div><\/div><\/div><\/div><div class=\"fusion-fullwidth fullwidth-box fusion-builder-row-4 hundred-percent-fullwidth non-hundred-percent-height-scrolling\" style=\"--awb-border-radius-top-left:0px;--awb-border-radius-top-right:0px;--awb-border-radius-bottom-right:0px;--awb-border-radius-bottom-left:0px;--awb-overflow:visible;--awb-flex-wrap:wrap;\" ><div class=\"fusion-builder-row fusion-row\"><div class=\"fusion-layout-column fusion_builder_column fusion-builder-column-4 fusion_builder_column_1_4 1_4 fusion-one-fourth fusion-column-first\" style=\"--awb-bg-blend:overlay;--awb-bg-size:cover;width:22%; margin-right: 4%;\"><div class=\"fusion-column-wrapper fusion-flex-column-wrapper-legacy\"><div class=\"fusion-sep-clear\"><\/div><div class=\"fusion-separator fusion-full-width-sep\" style=\"margin-left: auto;margin-right: auto;width:100%;\"><\/div><div class=\"fusion-sep-clear\"><\/div><div class=\"fusion-clearfix\"><\/div><\/div><\/div><div class=\"fusion-layout-column fusion_builder_column fusion-builder-column-5 fusion_builder_column_1_2 1_2 fusion-one-half\" style=\"--awb-bg-size:cover;width:48%; margin-right: 4%;\"><div class=\"fusion-column-wrapper fusion-column-has-shadow fusion-flex-column-wrapper-legacy\"><div class=\"fusion-column-content-centered\"><div class=\"fusion-column-content\"><\/div><\/div><div class=\"fusion-clearfix\"><\/div><\/div><\/div><div class=\"fusion-layout-column fusion_builder_column fusion-builder-column-6 fusion_builder_column_1_4 1_4 fusion-one-fourth fusion-column-last\" style=\"--awb-bg-blend:overlay;--awb-bg-size:cover;width:22%;\"><div class=\"fusion-column-wrapper fusion-flex-column-wrapper-legacy\"><div class=\"fusion-sep-clear\"><\/div><div class=\"fusion-separator fusion-full-width-sep\" style=\"margin-left: auto;margin-right: auto;width:100%;\"><\/div><div class=\"fusion-sep-clear\"><\/div><div class=\"fusion-clearfix\"><\/div><\/div><\/div><\/div><\/div><\/p>\n","protected":false},"excerpt":{"rendered":"","protected":false},"author":4,"featured_media":0,"parent":0,"menu_order":0,"comment_status":"closed","ping_status":"closed","template":"","meta":{"footnotes":""},"class_list":["post-6234","page","type-page","status-publish","hentry"],"_links":{"self":[{"href":"https:\/\/www.friedenskirche.de\/index.php\/wp-json\/wp\/v2\/pages\/6234","targetHints":{"allow":["GET"]}}],"collection":[{"href":"https:\/\/www.friedenskirche.de\/index.php\/wp-json\/wp\/v2\/pages"}],"about":[{"href":"https:\/\/www.friedenskirche.de\/index.php\/wp-json\/wp\/v2\/types\/page"}],"author":[{"embeddable":true,"href":"https:\/\/www.friedenskirche.de\/index.php\/wp-json\/wp\/v2\/users\/4"}],"replies":[{"embeddable":true,"href":"https:\/\/www.friedenskirche.de\/index.php\/wp-json\/wp\/v2\/comments?post=6234"}],"version-history":[{"count":33,"href":"https:\/\/www.friedenskirche.de\/index.php\/wp-json\/wp\/v2\/pages\/6234\/revisions"}],"predecessor-version":[{"id":6652,"href":"https:\/\/www.friedenskirche.de\/index.php\/wp-json\/wp\/v2\/pages\/6234\/revisions\/6652"}],"wp:attachment":[{"href":"https:\/\/www.friedenskirche.de\/index.php\/wp-json\/wp\/v2\/media?parent=6234"}],"curies":[{"name":"wp","href":"https:\/\/api.w.org\/{rel}","templated":true}]}}